{"id":36746,"date":"2023-08-16T07:24:32","date_gmt":"2023-08-16T07:24:32","guid":{"rendered":"https:\/\/theme-dev.cmsmasters.net\/lawbusiness-2\/?post_type=attorneys&#038;p=36746"},"modified":"2024-05-22T14:00:15","modified_gmt":"2024-05-22T14:00:15","slug":"victoria-knight","status":"publish","type":"profiles","link":"https:\/\/drcsertan.hu\/en\/profiles\/victoria-knight\/","title":{"rendered":"Victoria Knight"},"content":{"rendered":"<div data-elementor-type=\"wp-post\" data-elementor-id=\"36746\" class=\"elementor elementor-36746\">\n\t\t\t\t<div class=\"elementor-element elementor-element-e18345c e-flex e-con-boxed cmsmasters-block-default e-con e-parent\" data-id=\"e18345c\" data-element_type=\"container\">\n\t\t\t\t\t<div class=\"e-con-inner\">\n\t\t\t\t<div class=\"elementor-element elementor-element-80ff99e cmsmasters-block-default cmsmasters-sticky-default elementor-widget elementor-widget-heading\" data-id=\"80ff99e\" data-element_type=\"widget\" data-widget_type=\"heading.default\">\n\t\t\t\t<div class=\"elementor-widget-container\">\n\t\t\t\t\t<h4 class=\"elementor-heading-title elementor-size-default\">Short Biography<\/h4>\t\t\t\t<\/div>\n\t\t\t\t<\/div>\n\t\t\t\t<div class=\"elementor-element elementor-element-65e9980 cmsmasters-block-default cmsmasters-sticky-default elementor-widget elementor-widget-text-editor\" data-id=\"65e9980\" data-element_type=\"widget\" data-widget_type=\"text-editor.default\">\n\t\t\t\t<div class=\"elementor-widget-container\">\n\t\t\t\t\t\t\t\t\t<div class=\"elementor-element elementor-element-9643ca0 cmsmasters-block-default cmsmasters-sticky-default elementor-widget elementor-widget-text-editor\" data-id=\"9643ca0\" data-element_type=\"widget\" data-widget_type=\"text-editor.default\"><div class=\"elementor-widget-container\">Victoria Knight was born on a crisp winter morning, December 5th, in the picturesque town of Aspen, Colorado. Raised in a family that valued integrity and social responsibility, Victoria developed a strong sense of empathy and a commitment to making a positive impact on society. Her parents, both community activists, shaped her values from an early age. After completing her high school education, Victoria pursued her undergraduate studies at Stanford University. She majored in Political Science and minored in Women\u2019s Studies, combining her interests in law and social justice. Her time at Stanford was marked by her involvement in student-led initiatives promoting gender equality and advocating for survivors of domestic violence.<\/div><\/div><div class=\"elementor-element elementor-element-ffb55f1 elementor-widget-divider--view-line cmsmasters-block-default cmsmasters-sticky-default elementor-widget elementor-widget-divider\" data-id=\"ffb55f1\" data-element_type=\"widget\" data-widget_type=\"divider.default\"><div class=\"elementor-widget-container\"><div class=\"elementor-divider\">\u00a0<\/div><\/div><\/div>\t\t\t\t\t\t\t\t<\/div>\n\t\t\t\t<\/div>\n\t\t\t\t<div class=\"elementor-element elementor-element-910be8e elementor-widget-divider--view-line cmsmasters-block-default cmsmasters-sticky-default elementor-widget elementor-widget-divider\" data-id=\"910be8e\" data-element_type=\"widget\" data-widget_type=\"divider.default\">\n\t\t\t\t<div class=\"elementor-widget-container\">\n\t\t\t\t\t\t\t<div class=\"elementor-divider\">\n\t\t\t<span class=\"elementor-divider-separator\">\n\t\t\t\t\t\t<\/span>\n\t\t<\/div>\n\t\t\t\t\t\t<\/div>\n\t\t\t\t<\/div>\n\t\t\t\t<div class=\"elementor-element elementor-element-3e4bf59 cmsmasters-block-default cmsmasters-sticky-default elementor-widget elementor-widget-heading\" data-id=\"3e4bf59\" data-element_type=\"widget\" data-widget_type=\"heading.default\">\n\t\t\t\t<div class=\"elementor-widget-container\">\n\t\t\t\t\t<h4 class=\"elementor-heading-title elementor-size-default\">Experience<\/h4>\t\t\t\t<\/div>\n\t\t\t\t<\/div>\n\t\t\t\t<div class=\"elementor-element elementor-element-9f07e46 cmsmasters-block-default cmsmasters-sticky-default elementor-widget elementor-widget-heading\" data-id=\"9f07e46\" data-element_type=\"widget\" data-widget_type=\"heading.default\">\n\t\t\t\t<div class=\"elementor-widget-container\">\n\t\t\t\t\t<h5 class=\"elementor-heading-title elementor-size-default\">Defending Catastrophic Cases<\/h5>\t\t\t\t<\/div>\n\t\t\t\t<\/div>\n\t\t\t\t<div class=\"elementor-element elementor-element-134cb16 cmsmasters-block-default cmsmasters-sticky-default elementor-widget elementor-widget-text-editor\" data-id=\"134cb16\" data-element_type=\"widget\" data-widget_type=\"text-editor.default\">\n\t\t\t\t<div class=\"elementor-widget-container\">\n\t\t\t\t\t\t\t\t\tBefore devoting his career to representing survivors and the families of those who were wrongfully killed, Drew worked for many years defending cases for large insurance companies and corporations, both in the United States and overseas. In that capacity, Drew litigated cases for Fortune 500 companies and eight of the top 15 largest insurance companies in the US\t\t\t\t\t\t\t\t<\/div>\n\t\t\t\t<\/div>\n\t\t\t\t<div class=\"elementor-element elementor-element-e35752d elementor-widget-divider--view-line cmsmasters-block-default cmsmasters-sticky-default elementor-widget elementor-widget-divider\" data-id=\"e35752d\" data-element_type=\"widget\" data-widget_type=\"divider.default\">\n\t\t\t\t<div class=\"elementor-widget-container\">\n\t\t\t\t\t\t\t<div class=\"elementor-divider\">\n\t\t\t<span class=\"elementor-divider-separator\">\n\t\t\t\t\t\t<\/span>\n\t\t<\/div>\n\t\t\t\t\t\t<\/div>\n\t\t\t\t<\/div>\n\t\t\t\t<div class=\"elementor-element elementor-element-0baee3f cmsmasters-block-default cmsmasters-sticky-default elementor-widget elementor-widget-heading\" data-id=\"0baee3f\" data-element_type=\"widget\" data-widget_type=\"heading.default\">\n\t\t\t\t<div class=\"elementor-widget-container\">\n\t\t\t\t\t<h5 class=\"elementor-heading-title elementor-size-default\">Government and Nonprofit Work<\/h5>\t\t\t\t<\/div>\n\t\t\t\t<\/div>\n\t\t\t\t<div class=\"elementor-element elementor-element-569d757 cmsmasters-block-default cmsmasters-sticky-default elementor-widget elementor-widget-text-editor\" data-id=\"569d757\" data-element_type=\"widget\" data-widget_type=\"text-editor.default\">\n\t\t\t\t<div class=\"elementor-widget-container\">\n\t\t\t\t\t\t\t\t\tDrew has served as private civil counsel to the Georgia Secretary of State, the Georgia Securities Commissioner, the Georgia Real Estate Commission, and the Georgia Real Estate Appraisers Board. He has served as civil counsel to Special Assistant Attorneys General, several large metro-Atlanta cities\/counties, receivers in civil RICO actions, and several District Attorneys throughout Georgia. While in law school, Drew served as a legal intern with the Office of the General Counsel for the Department of Homeland Security, where he did a variety of work, including putting together cases that would strip the US citizenship away from foreign citizens who were discovered to be horrific international human rights abusers. Drew also helped achieve a victory at the Supreme Court of the United States and various federal Courts of Appeals while litigating first amendment and other constitutional issues with the American Center for Law and Justice.\t\t\t\t\t\t\t\t<\/div>\n\t\t\t\t<\/div>\n\t\t\t\t<div class=\"elementor-element elementor-element-dbe65f0 elementor-widget-divider--view-line cmsmasters-block-default cmsmasters-sticky-default elementor-widget elementor-widget-divider\" data-id=\"dbe65f0\" data-element_type=\"widget\" data-widget_type=\"divider.default\">\n\t\t\t\t<div class=\"elementor-widget-container\">\n\t\t\t\t\t\t\t<div class=\"elementor-divider\">\n\t\t\t<span class=\"elementor-divider-separator\">\n\t\t\t\t\t\t<\/span>\n\t\t<\/div>\n\t\t\t\t\t\t<\/div>\n\t\t\t\t<\/div>\n\t\t\t\t<div class=\"elementor-element elementor-element-d5ef4eb cmsmasters-block-default cmsmasters-sticky-default elementor-widget elementor-widget-heading\" data-id=\"d5ef4eb\" data-element_type=\"widget\" data-widget_type=\"heading.default\">\n\t\t\t\t<div class=\"elementor-widget-container\">\n\t\t\t\t\t<h5 class=\"elementor-heading-title elementor-size-default\">Education<\/h5>\t\t\t\t<\/div>\n\t\t\t\t<\/div>\n\t\t\t\t<div class=\"elementor-element elementor-element-ad7ad94 cmsmasters-block-default cmsmasters-sticky-default elementor-widget elementor-widget-text-editor\" data-id=\"ad7ad94\" data-element_type=\"widget\" data-widget_type=\"text-editor.default\">\n\t\t\t\t<div class=\"elementor-widget-container\">\n\t\t\t\t\t\t\t\t\tDrew graduated from Auburn University where he obtained a Bachelor&#039;s of Science in Finance with a concentration in Economics. He received his law degree from Regent University School of Law where he served on the Trial Advocacy Board and was an officer in the Federalist Society.\t\t\t\t\t\t\t\t<\/div>\n\t\t\t\t<\/div>\n\t\t\t\t<div class=\"elementor-element elementor-element-2f05b8a elementor-widget-divider--view-line cmsmasters-block-default cmsmasters-sticky-default elementor-widget elementor-widget-divider\" data-id=\"2f05b8a\" data-element_type=\"widget\" data-widget_type=\"divider.default\">\n\t\t\t\t<div class=\"elementor-widget-container\">\n\t\t\t\t\t\t\t<div class=\"elementor-divider\">\n\t\t\t<span class=\"elementor-divider-separator\">\n\t\t\t\t\t\t<\/span>\n\t\t<\/div>\n\t\t\t\t\t\t<\/div>\n\t\t\t\t<\/div>\n\t\t\t\t<div class=\"elementor-element elementor-element-ade97c5 cmsmasters-block-default cmsmasters-sticky-default elementor-widget elementor-widget-heading\" data-id=\"ade97c5\" data-element_type=\"widget\" data-widget_type=\"heading.default\">\n\t\t\t\t<div class=\"elementor-widget-container\">\n\t\t\t\t\t<h5 class=\"elementor-heading-title elementor-size-default\">Accolades<\/h5>\t\t\t\t<\/div>\n\t\t\t\t<\/div>\n\t\t\t\t<div class=\"elementor-element elementor-element-eae9ced cmsmasters-block-default cmsmasters-sticky-default elementor-widget elementor-widget-text-editor\" data-id=\"eae9ced\" data-element_type=\"widget\" data-widget_type=\"text-editor.default\">\n\t\t\t\t<div class=\"elementor-widget-container\">\n\t\t\t\t\t\t\t\t\tDrew has been named both a Rising Star (an honor bestowed on only 2.5% of lawyers), and a Super Lawyer (only 5% chosen) every year since 2016. He is also listed as one of the Best Lawyers in America. He was chosen as part of the second LEAD class of the Georgia Trial Lawyers Association, where he now serves on the Executive Committee, is the Treasurer for the Civil Justice PAC Board, and is an editor and contributor to Verdict Magazine. Drew also serves as a co-chair of the Legislative Committee for the Georgia Trial Lawyer&#039;s Association, where he is active in Georgia politics on issues affecting civil justice and the 7th Amendment right to a jury trial in civil cases. Because of Drew&#039;s work and experience, House and Senate Subcommittees in Georgia have asked him to testify on issues involving complex personal injury laws, the laws regarding defective products, and civil justice issues in general.\t\t\t\t\t\t\t\t<\/div>\n\t\t\t\t<\/div>\n\t\t\t\t\t<\/div>\n\t\t\t\t<\/div>\n\t\t\t\t<\/div>","protected":false},"featured_media":0,"template":"","meta":{"_acf_changed":false,"inline_featured_image":false,"_monsterinsights_skip_tracking":false,"_monsterinsights_sitenote_active":false,"_monsterinsights_sitenote_note":"","_monsterinsights_sitenote_category":0},"profile_category":[32],"class_list":["post-36746","profiles","type-profiles","status-publish","hentry","profile_category-attorney"],"acf":[],"yoast_head":"<!-- This site is optimized with the Yoast SEO plugin v26.5 - https:\/\/yoast.com\/wordpress\/plugins\/seo\/ -->\n<title>Victoria Knight - Dr. Csert\u00e1n Bal\u00e1zs<\/title>\n<meta name=\"robots\" content=\"index, follow, max-snippet:-1, max-image-preview:large, max-video-preview:-1\" \/>\n<link rel=\"canonical\" href=\"https:\/\/drcsertan.hu\/en\/profiles\/victoria-knight\/\" \/>\n<meta property=\"og:locale\" content=\"en_GB\" \/>\n<meta property=\"og:type\" content=\"article\" \/>\n<meta property=\"og:title\" content=\"Victoria Knight - Dr. Csert\u00e1n Bal\u00e1zs\" \/>\n<meta property=\"og:description\" content=\"Short Biography Victoria Knight was born on a crisp winter morning, December 5th, in the picturesque town of Aspen, Colorado. Raised in a family that valued integrity and social responsibility, Victoria developed a strong sense of empathy and a commitment to making a positive impact on society. Her parents, both community activists, shaped her values...\" \/>\n<meta property=\"og:url\" content=\"https:\/\/drcsertan.hu\/en\/profiles\/victoria-knight\/\" \/>\n<meta property=\"og:site_name\" content=\"Dr. Csert\u00e1n Bal\u00e1zs\" \/>\n<meta property=\"article:modified_time\" content=\"2024-05-22T14:00:15+00:00\" \/>\n<meta property=\"og:image\" content=\"http:\/\/drcsertan.hu\/wp-content\/uploads\/2023\/08\/profile-6-1.jpg\" \/>\n\t<meta property=\"og:image:width\" content=\"500\" \/>\n\t<meta property=\"og:image:height\" content=\"610\" \/>\n\t<meta property=\"og:image:type\" content=\"image\/jpeg\" \/>\n<meta name=\"twitter:card\" content=\"summary_large_image\" \/>\n<meta name=\"twitter:label1\" content=\"Estimated reading time\" \/>\n\t<meta name=\"twitter:data1\" content=\"3 minutes\" \/>\n<script type=\"application\/ld+json\" class=\"yoast-schema-graph\">{\"@context\":\"https:\/\/schema.org\",\"@graph\":[{\"@type\":\"WebPage\",\"@id\":\"https:\/\/drcsertan.hu\/profiles\/victoria-knight\/\",\"url\":\"https:\/\/drcsertan.hu\/profiles\/victoria-knight\/\",\"name\":\"Victoria Knight - Dr. Csert\u00e1n Bal\u00e1zs\",\"isPartOf\":{\"@id\":\"https:\/\/drcsertan.hu\/#website\"},\"datePublished\":\"2023-08-16T07:24:32+00:00\",\"dateModified\":\"2024-05-22T14:00:15+00:00\",\"breadcrumb\":{\"@id\":\"https:\/\/drcsertan.hu\/profiles\/victoria-knight\/#breadcrumb\"},\"inLanguage\":\"en-GB\",\"potentialAction\":[{\"@type\":\"ReadAction\",\"target\":[\"https:\/\/drcsertan.hu\/profiles\/victoria-knight\/\"]}]},{\"@type\":\"BreadcrumbList\",\"@id\":\"https:\/\/drcsertan.hu\/profiles\/victoria-knight\/#breadcrumb\",\"itemListElement\":[{\"@type\":\"ListItem\",\"position\":1,\"name\":\"Kezd\u0151lap\",\"item\":\"https:\/\/drcsertan.hu\/\"},{\"@type\":\"ListItem\",\"position\":2,\"name\":\"Victoria Knight\"}]},{\"@type\":\"WebSite\",\"@id\":\"https:\/\/drcsertan.hu\/#website\",\"url\":\"https:\/\/drcsertan.hu\/\",\"name\":\"Dr. Csert\u00e1n Bal\u00e1zs\",\"description\":\"Dr. Csert\u00e1n Bal\u00e1zs \u00fcgyv\u00e9d\",\"potentialAction\":[{\"@type\":\"SearchAction\",\"target\":{\"@type\":\"EntryPoint\",\"urlTemplate\":\"https:\/\/drcsertan.hu\/?s={search_term_string}\"},\"query-input\":{\"@type\":\"PropertyValueSpecification\",\"valueRequired\":true,\"valueName\":\"search_term_string\"}}],\"inLanguage\":\"en-GB\"}]}<\/script>\n<!-- \/ Yoast SEO plugin. -->","yoast_head_json":{"title":"Victoria Knight - Dr. Csert\u00e1n Bal\u00e1zs","robots":{"index":"index","follow":"follow","max-snippet":"max-snippet:-1","max-image-preview":"max-image-preview:large","max-video-preview":"max-video-preview:-1"},"canonical":"https:\/\/drcsertan.hu\/en\/profiles\/victoria-knight\/","og_locale":"en_GB","og_type":"article","og_title":"Victoria Knight - Dr. Csert\u00e1n Bal\u00e1zs","og_description":"Short Biography Victoria Knight was born on a crisp winter morning, December 5th, in the picturesque town of Aspen, Colorado. Raised in a family that valued integrity and social responsibility, Victoria developed a strong sense of empathy and a commitment to making a positive impact on society. Her parents, both community activists, shaped her values...","og_url":"https:\/\/drcsertan.hu\/en\/profiles\/victoria-knight\/","og_site_name":"Dr. Csert\u00e1n Bal\u00e1zs","article_modified_time":"2024-05-22T14:00:15+00:00","og_image":[{"width":500,"height":610,"url":"http:\/\/drcsertan.hu\/wp-content\/uploads\/2023\/08\/profile-6-1.jpg","type":"image\/jpeg"}],"twitter_card":"summary_large_image","twitter_misc":{"Estimated reading time":"3 minutes"},"schema":{"@context":"https:\/\/schema.org","@graph":[{"@type":"WebPage","@id":"https:\/\/drcsertan.hu\/profiles\/victoria-knight\/","url":"https:\/\/drcsertan.hu\/profiles\/victoria-knight\/","name":"Victoria Knight - Dr. Csert\u00e1n Bal\u00e1zs","isPartOf":{"@id":"https:\/\/drcsertan.hu\/#website"},"datePublished":"2023-08-16T07:24:32+00:00","dateModified":"2024-05-22T14:00:15+00:00","breadcrumb":{"@id":"https:\/\/drcsertan.hu\/profiles\/victoria-knight\/#breadcrumb"},"inLanguage":"en-GB","potentialAction":[{"@type":"ReadAction","target":["https:\/\/drcsertan.hu\/profiles\/victoria-knight\/"]}]},{"@type":"BreadcrumbList","@id":"https:\/\/drcsertan.hu\/profiles\/victoria-knight\/#breadcrumb","itemListElement":[{"@type":"ListItem","position":1,"name":"Kezd\u0151lap","item":"https:\/\/drcsertan.hu\/"},{"@type":"ListItem","position":2,"name":"Victoria Knight"}]},{"@type":"WebSite","@id":"https:\/\/drcsertan.hu\/#website","url":"https:\/\/drcsertan.hu\/","name":"Dr. Bal\u00e1zs Csertan","description":"Dr. Bal\u00e1zs Csert\u00e1n, attorney","potentialAction":[{"@type":"SearchAction","target":{"@type":"EntryPoint","urlTemplate":"https:\/\/drcsertan.hu\/?s={search_term_string}"},"query-input":{"@type":"PropertyValueSpecification","valueRequired":true,"valueName":"search_term_string"}}],"inLanguage":"en-GB"}]}},"_links":{"self":[{"href":"https:\/\/drcsertan.hu\/en\/wp-json\/wp\/v2\/profiles\/36746","targetHints":{"allow":["GET"]}}],"collection":[{"href":"https:\/\/drcsertan.hu\/en\/wp-json\/wp\/v2\/profiles"}],"about":[{"href":"https:\/\/drcsertan.hu\/en\/wp-json\/wp\/v2\/types\/profiles"}],"version-history":[{"count":0,"href":"https:\/\/drcsertan.hu\/en\/wp-json\/wp\/v2\/profiles\/36746\/revisions"}],"wp:attachment":[{"href":"https:\/\/drcsertan.hu\/en\/wp-json\/wp\/v2\/media?parent=36746"}],"wp:term":[{"taxonomy":"profile_category","embeddable":true,"href":"https:\/\/drcsertan.hu\/en\/wp-json\/wp\/v2\/profile_category?post=36746"}],"curies":[{"name":"wp","href":"https:\/\/api.w.org\/{rel}","templated":true}]}}